{"id":36227,"date":"2019-12-20T14:00:08","date_gmt":"2019-12-20T12:00:08","guid":{"rendered":"https:\/\/icom.museum\/?page_id=36227"},"modified":"2026-01-22T13:40:11","modified_gmt":"2026-01-22T11:40:11","slug":"paz-y-derechos-humanos","status":"publish","type":"page","link":"https:\/\/icom.museum\/es\/recursos\/paz-y-derechos-humanos\/","title":{"rendered":"Paz y derechos humanos"},"content":{"rendered":"<h2 class=\"headline\">Los museos evolucionan en una sociedad cambiante y cuando las pol\u00edticas p\u00fablicas son inestables, y lo mismo ocurre con sus responsabilidades sociales.<\/h2>\n<p>Los museos, al abordar los problemas sociales contempor\u00e1neos, las injusticas pasadas y actuales, y las historias dif\u00edciles, tienen un importante papel que desempe\u00f1ar para contribuir a la paz y defender los derechos humanos. El algo que pueden hacer convirti\u00e9ndose en espacios para el di\u00e1logo entre comunidades diversas y fomentando la soluci\u00f3n de problemas de forma creativa. El ICOM y su red pretenden promover estos debates a trav\u00e9s de la movilizaci\u00f3n de la comunidad muse\u00edstica internacional y de sus numerosos actores.<\/p>\n<p><strong>Red del ICOM<\/strong><\/p>\n<p>La \u00abDeclaraci\u00f3n del ICOM por la paz\u00bb es una declaraci\u00f3n p\u00fablica emitida por la Junta Directiva del Consejo Internacional de Museos (ICOM) en junio de 2025. Reafirma la misi\u00f3n y los valores fundamentales del ICOM ante las crisis mundiales actuales y destaca el papel de los museos y la comunidad muse\u00edstica en la promoci\u00f3n de la paz, el entendimiento mutuo y la preservaci\u00f3n cultural.<\/p>\n<p>La declaraci\u00f3n se emiti\u00f3 tras la 176.\u00aa sesi\u00f3n de la Junta Directiva del ICOM, celebrada en Par\u00eds el 27 de junio de 2025, en respuesta a los acontecimientos mundiales contempor\u00e1neos. Subraya el compromiso de larga data del ICOM con la preservaci\u00f3n del patrimonio cultural en todo el mundo y la uni\u00f3n de profesionales e instituciones a nivel mundial. La declaraci\u00f3n fue redactada y firmada por los miembros de la Junta Directiva del ICOM, incluidos el presidente y los vicepresidentes.<\/p>\n<figure id=\"attachment_65105\" aria-describedby=\"caption-attachment-65105\" style=\"width: 722px\" class=\"wp-caption aligncenter\"><img loading=\"lazy\" decoding=\"async\" class=\"wp-image-65105\" src=\"https:\/\/icom.museum\/wp-content\/uploads\/2025\/09\/20.jpg\" alt=\"\" width=\"722\" height=\"481\" srcset=\"https:\/\/icom.museum\/wp-content\/uploads\/2025\/09\/20.jpg 900w, https:\/\/icom.museum\/wp-content\/uploads\/2025\/09\/20-300x200.jpg 300w, https:\/\/icom.museum\/wp-content\/uploads\/2025\/09\/20-768x512.jpg 768w\" sizes=\"(max-width: 722px) 100vw, 722px\" \/><figcaption id=\"caption-attachment-65105\" class=\"wp-caption-text\">Dise\u00f1o gr\u00e1fico del logotipo creado para promover el ICOM por la Paz a trav\u00e9s de la red del ICOM.<\/figcaption><\/figure>\n<p>La Declaraci\u00f3n por la Paz del ICOM se difundi\u00f3 ampliamente a trav\u00e9s de la red del ICOM, y los comit\u00e9s nacionales, regionales e internacionales la difundieron a trav\u00e9s de sus sitios web, canales de redes sociales, boletines informativos y otras plataformas de comunicaci\u00f3n. M\u00e1s all\u00e1 del intercambio institucional, la declaraci\u00f3n tambi\u00e9n fue amplificada por miembros individuales del ICOM y seguidores de las redes sociales, quienes la difundieron a trav\u00e9s de sus redes profesionales y personales. Esta amplia difusi\u00f3n refleja la fuerte resonancia del mensaje de la declaraci\u00f3n dentro de la comunidad muse\u00edstica, lo que ha contribuido a ampliar su alcance mucho m\u00e1s all\u00e1 de los canales centrales del ICOM y a diversos contextos culturales y profesionales en todo el mundo.<\/p>\n<p><span class=\"link_blue\"><a href=\"https:\/\/icom.museum\/es\/news\/declaracion-del-icom-por-la-paz\/\">Declaraci\u00f3n del ICOM por la paz<\/a><\/span><\/p>\n<p>El tema del D\u00eda Internacional de los Museos 2026, organizado anualmente por el Consejo Internacional de Museos (ICOM) y celebrado cada a\u00f1o el 18 de mayo, ser\u00e1 <b>\u00abMuseos uniendo un mundo dividido\u00bb<\/b>. Este tema subraya el potencial de los museos para actuar como puentes entre las divisiones culturales, sociales y geopol\u00edticas, destacando su papel en el fomento del di\u00e1logo, el entendimiento, la inclusi\u00f3n y la paz dentro y entre las comunidades de todo el mundo.<\/p>\n<p>La paz y los derechos humanos son un tema transversal que abarca muchas actividades desarrolladas por la red del ICOM, mientras que los comit\u00e9s nacionales e internacionales han liderado acciones dedicadas espec\u00edficamente a estos temas.<\/p>\n<p>El 4 de octubre de 2019 se celebr\u00f3 en Brighton (Reino Unido) una mesa redonda sobre descolonizaci\u00f3n organizada por el ICOM Reino Unido, el Consejo de las Artes de Inglaterra y la Museums Association, con el apoyo del British Council. En esta sesi\u00f3n, a la que solo se pod\u00eda asistir por invitaci\u00f3n, se debatieron cuestiones de actualidad relacionadas con la descolonizaci\u00f3n en el sector muse\u00edstico.<\/p>\n<p>El ICMEMO est\u00e1 llevando a cabo un proyecto titulado \u00abArt Focus on Human Rights and Women\u2019s Rights: Nigeria (2018-2021)\u00bb, con el objetivo de concienciar sobre una serie de cuestiones que afectan a Nigeria en la actualidad y c\u00f3mo estas afectan inevitablemente al resto del mundo.<\/p>\n<p>El COMCOL celebr\u00f3 su conferencia anual del 25 al 29 de septiembre de 2018 en el Museo Canadiense de los Derechos Humanos de Winnipeg, en colaboraci\u00f3n con la Federaci\u00f3n Internacional de Museos de Derechos Humanos, dedicada al tema \u00abContemporary Collections: Contested and Powerful\u00bb.<\/p>\n<p><span class=\"link_yellow\"><a href=\"http:\/\/icmemo.mini.icom.museum\/projects\/projects\/\">Art Focus on Human Rights and Women\u2019s Rights: Nigeria (2018-2021)<\/a><\/span><\/p>\n<div class=\"separator\">\n<p><strong>DESCOLONIZACI\u00d3N Y RESTITUCI\u00d3N<\/strong><\/p>\n<\/div>\n<p>Durante la 25\u00aa Conferencia General del ICOM se organiz\u00f3 una sesi\u00f3n titulada \u201cDescolonizaci\u00f3n y restituci\u00f3n: hacia una perspectiva m\u00e1s hol\u00edstica y un enfoque m\u00e1s relacional\u201d. El panel de debate, dividido en dos partes, reuni\u00f3 a representantes de m\u00e1s de diez comit\u00e9s nacionales del ICOM, para analizar la forma en que el sector est\u00e1 liderando y respondiendo al movimiento de descolonizaci\u00f3n y c\u00f3mo la descolonizaci\u00f3n est\u00e1 influyendo en nuestro modo de entender la restituci\u00f3n.<\/p>\n<p><span class=\"link_yellow\"><a href=\"https:\/\/icom.museum\/en\/news\/panel-decolonisation-and-restitution-moving-towards-a-more-holistic-perspective-and-relational-approach\/\">Panel de Kioto sobre descolonizaci\u00f3n y restituci\u00f3n<\/a><\/span><\/p>\n<p><strong>HISTORIAS CONTROVERTIDAS<\/strong><\/p>\n<p>En diciembre de 2018 el ICOM public\u00f3 un n\u00famero de <em>Museum International<\/em> titulado \u201c<em>Museums and Contested Histories<\/em>\u201d (Museos e historias controvertidas), en el que se trataba una gran variedad de asuntos controvertidos relacionados con tres temas centrales: cambiar\/negociar narrativas, agencia colectiva y activismo muse\u00edstico.<\/p>\n<p><img loading=\"lazy\" decoding=\"async\" class=\"aligncenter size-full wp-image-36326\" src=\"https:\/\/icom.museum\/wp-content\/uploads\/2020\/01\/MI_digital_contested-histories.jpg\" alt=\"\" width=\"543\" height=\"502\" srcset=\"https:\/\/icom.museum\/wp-content\/uploads\/2020\/01\/MI_digital_contested-histories.jpg 543w, https:\/\/icom.museum\/wp-content\/uploads\/2020\/01\/MI_digital_contested-histories-300x277.jpg 300w\" sizes=\"(max-width: 543px) 100vw, 543px\" \/><\/p>\n<p><span class=\"link_yellow\"><a href=\"https:\/\/icom.museum\/en\/news\/museum-international-the-issues-museums-in-a-digital-world-and-museums-and-contested-histories-are-now-available\/\"><strong>Leer \u201c<em>Museums and contested histories<\/em>\u201d<\/strong><\/a><\/span><\/p>\n<p><strong>\u00a0<\/strong><\/p>\n<div class=\"separator\">\n<p><strong>RECONCILIACI\u00d3N<\/strong><\/p>\n<\/div>\n<p>\u201cMuseos para la reconciliaci\u00f3n: comunidades, pedagog\u00edas y memorias\u201d fue un programa de capacitaci\u00f3n organizado por el ICOM, el Museo de Memoria Hist\u00f3rica de Colombia (MMHC) e ICOM Colombia. El taller se realiz\u00f3 en el Museo La Tertulia, en Cali (Colombia), del 7 al 11 de octubre de 2019, con participantes procedentes de diferentes pa\u00edses de la regi\u00f3n. Con este programa de capacitaci\u00f3n el ICM y el MMHC promovieron la reflexi\u00f3n sobre los retos museol\u00f3gicos y pedag\u00f3gicos a los que se enfrentan los museos latinoamericanos contempor\u00e1neos a la hora de desarrollar proyectos y actividades ligados a la construcci\u00f3n de memorias, conflictos, procesos de resistencia y resiliencia, di\u00e1logo y reconciliaci\u00f3n.<\/p>\n<p><span class=\"link_yellow\"><a href=\"https:\/\/icom.museum\/en\/news\/museums-for-reconciliation-an-icom-training-programme-highlights-the-role-of-museums-in-processes-of-memory-and-resilience\/\">Formaci\u00f3n del ICOM: Museos para la reconciliaci\u00f3n<\/a><\/span><\/p>\n<div class=\"separator\">\n<p><strong>RED DEL ICOM<\/strong><\/p>\n<\/div>\n<p>El tema de la paz y los derechos humanos es algo transversal que incluye muchas actividades desarrolladas por la red del ICOM. Tanto los Comit\u00e9s Nacionales como los Comit\u00e9s Internacionales han realizado acciones dedicadas espec\u00edficamente a ello.<\/p>\n<p>El 4 de octubre de 2019 ICOM Reino Unido, el Consejo de las Artes de Inglaterra y la Asociaci\u00f3n de Museos, con el apoyo del Consejo Brit\u00e1nico, organizaron en Brighton (Reino Unido) una mesa redonda sobre la descolonizaci\u00f3n. Durante la sesi\u00f3n, solo para invitados, se debati\u00f3 sobre temas actuales relacionados con la descolonizaci\u00f3n en el sector muse\u00edstico.<\/p>\n<p>El ICMEMO est\u00e1 realizando un proyecto titulado \u201c<em>Art Focus on Human Rights and Women\u2019s Rights: Nigeria<\/em> (2018-2021)\u201d (El arte enfocado en los derechos humanos y los derechos de las mujeres: Nigeria), cuyo objetivo es concienciar al p\u00fablico sobre una serie de temas que afectan actualmente a Nigeria, y su inevitable impacto en el resto del mundo.<\/p>\n<p>Del 25 al 29 de septiembre, el COMCOL celebr\u00f3 su conferencia anual con la colaboraci\u00f3n de la Federaci\u00f3n Internacional de Museos de Derechos Humanos en el Museo Canadiense de los Derechos Humanos de Winnipeg, la cual estuvo dedicada al tema \u201c<em>Contemporary Collections: Contested and Powerful<\/em>\u201d (Colecciones contempor\u00e1neas: controvertidas y poderosas).<\/p>\n<p><span class=\"link_yellow\"><a href=\"http:\/\/icmemo.mini.icom.museum\/projects\/projects\/\">Arte centrado en los derechos humanos y los derechos de las mujeres: Nigeria (2018-2021)<\/a><\/span><\/p>\n","protected":false},"excerpt":{"rendered":"<p>Los museos evolucionan en una sociedad cambiante y cuando las pol\u00edticas p\u00fablicas son inestables, y lo mismo ocurre con sus responsabilidades sociales. Los museos, al abordar los problemas sociales contempor\u00e1neos, las injusticas pasadas y actuales, y las historias dif\u00edciles, tienen un importante papel que desempe\u00f1ar para contribuir a la paz y defender los derechos humanos. [&hellip;]<\/p>\n","protected":false},"author":4,"featured_media":0,"parent":9727,"menu_order":5,"comment_status":"closed","ping_status":"closed","template":"","meta":{"inline_featured_image":false,"footnotes":""},"class_list":["post-36227","page","type-page","status-publish","hentry"],"acf":[],"yoast_head":"<!-- This site is optimized with the Yoast SEO plugin v23.7 - https:\/\/yoast.com\/wordpress\/plugins\/seo\/ -->\n<title>Paz y derechos humanos - International Council of Museums<\/title>\n<meta name=\"robots\" content=\"index, follow, max-snippet:-1, max-image-preview:large, max-video-preview:-1\" \/>\n<link rel=\"canonical\" href=\"https:\/\/icom.museum\/es\/recursos\/paz-y-derechos-humanos\/\" \/>\n<meta property=\"og:locale\" content=\"es_ES\" \/>\n<meta property=\"og:type\" content=\"article\" \/>\n<meta property=\"og:title\" content=\"Paz y derechos humanos - International Council of Museums\" \/>\n<meta property=\"og:description\" content=\"Los museos evolucionan en una sociedad cambiante y cuando las pol\u00edticas p\u00fablicas son inestables, y lo mismo ocurre con sus responsabilidades sociales. Los museos, al abordar los problemas sociales contempor\u00e1neos, las injusticas pasadas y actuales, y las historias dif\u00edciles, tienen un importante papel que desempe\u00f1ar para contribuir a la paz y defender los derechos humanos. [&hellip;]\" \/>\n<meta property=\"og:url\" content=\"https:\/\/icom.museum\/es\/recursos\/paz-y-derechos-humanos\/\" \/>\n<meta property=\"og:site_name\" content=\"International Council of Museums\" \/>\n<meta property=\"article:modified_time\" content=\"2026-01-22T11:40:11+00:00\" \/>\n<meta property=\"og:image\" content=\"https:\/\/icom.museum\/wp-content\/uploads\/2025\/09\/20.jpg\" \/>\n\t<meta property=\"og:image:width\" content=\"900\" \/>\n\t<meta property=\"og:image:height\" content=\"600\" \/>\n\t<meta property=\"og:image:type\" content=\"image\/jpeg\" \/>\n<meta name=\"twitter:card\" content=\"summary_large_image\" \/>\n<meta name=\"twitter:label1\" content=\"Tiempo de lectura\" \/>\n\t<meta name=\"twitter:data1\" content=\"6 minutos\" \/>\n<script type=\"application\/ld+json\" class=\"yoast-schema-graph\">{\"@context\":\"https:\/\/schema.org\",\"@graph\":[{\"@type\":\"WebPage\",\"@id\":\"https:\/\/icom.museum\/es\/recursos\/paz-y-derechos-humanos\/\",\"url\":\"https:\/\/icom.museum\/es\/recursos\/paz-y-derechos-humanos\/\",\"name\":\"Paz y derechos humanos - International Council of Museums\",\"isPartOf\":{\"@id\":\"https:\/\/icom.museum\/en\/#website\"},\"primaryImageOfPage\":{\"@id\":\"https:\/\/icom.museum\/es\/recursos\/paz-y-derechos-humanos\/#primaryimage\"},\"image\":{\"@id\":\"https:\/\/icom.museum\/es\/recursos\/paz-y-derechos-humanos\/#primaryimage\"},\"thumbnailUrl\":\"https:\/\/icom.museum\/wp-content\/uploads\/2025\/09\/20.jpg\",\"datePublished\":\"2019-12-20T12:00:08+00:00\",\"dateModified\":\"2026-01-22T11:40:11+00:00\",\"breadcrumb\":{\"@id\":\"https:\/\/icom.museum\/es\/recursos\/paz-y-derechos-humanos\/#breadcrumb\"},\"inLanguage\":\"es\",\"potentialAction\":[{\"@type\":\"ReadAction\",\"target\":[\"https:\/\/icom.museum\/es\/recursos\/paz-y-derechos-humanos\/\"]}]},{\"@type\":\"ImageObject\",\"inLanguage\":\"es\",\"@id\":\"https:\/\/icom.museum\/es\/recursos\/paz-y-derechos-humanos\/#primaryimage\",\"url\":\"https:\/\/icom.museum\/wp-content\/uploads\/2025\/09\/20.jpg\",\"contentUrl\":\"https:\/\/icom.museum\/wp-content\/uploads\/2025\/09\/20.jpg\"},{\"@type\":\"BreadcrumbList\",\"@id\":\"https:\/\/icom.museum\/es\/recursos\/paz-y-derechos-humanos\/#breadcrumb\",\"itemListElement\":[{\"@type\":\"ListItem\",\"position\":1,\"name\":\"Home\",\"item\":\"https:\/\/icom.museum\/es\/\"},{\"@type\":\"ListItem\",\"position\":2,\"name\":\"Recursos\",\"item\":\"https:\/\/icom.museum\/es\/recursos\/\"},{\"@type\":\"ListItem\",\"position\":3,\"name\":\"Paz y derechos humanos\"}]},{\"@type\":\"WebSite\",\"@id\":\"https:\/\/icom.museum\/en\/#website\",\"url\":\"https:\/\/icom.museum\/en\/\",\"name\":\"International Council of Museums\",\"description\":\"A global organisation of museums &amp; museum professionals committed to the promotion and protection of cultural heritage\",\"publisher\":{\"@id\":\"https:\/\/icom.museum\/en\/#organization\"},\"potentialAction\":[{\"@type\":\"SearchAction\",\"target\":{\"@type\":\"EntryPoint\",\"urlTemplate\":\"https:\/\/icom.museum\/en\/?s={search_term_string}\"},\"query-input\":{\"@type\":\"PropertyValueSpecification\",\"valueRequired\":true,\"valueName\":\"search_term_string\"}}],\"inLanguage\":\"es\"},{\"@type\":\"Organization\",\"@id\":\"https:\/\/icom.museum\/en\/#organization\",\"name\":\"International Council of Museums\",\"url\":\"https:\/\/icom.museum\/en\/\",\"logo\":{\"@type\":\"ImageObject\",\"inLanguage\":\"es\",\"@id\":\"https:\/\/icom.museum\/en\/#\/schema\/logo\/image\/\",\"url\":\"https:\/\/icom.museum\/wp-content\/uploads\/2018\/07\/ICOM_M_.jpg\",\"contentUrl\":\"https:\/\/icom.museum\/wp-content\/uploads\/2018\/07\/ICOM_M_.jpg\",\"width\":1721,\"height\":1721,\"caption\":\"International Council of Museums\"},\"image\":{\"@id\":\"https:\/\/icom.museum\/en\/#\/schema\/logo\/image\/\"}}]}<\/script>\n<!-- \/ Yoast SEO plugin. -->","yoast_head_json":{"title":"Paz y derechos humanos - International Council of Museums","robots":{"index":"index","follow":"follow","max-snippet":"max-snippet:-1","max-image-preview":"max-image-preview:large","max-video-preview":"max-video-preview:-1"},"canonical":"https:\/\/icom.museum\/es\/recursos\/paz-y-derechos-humanos\/","og_locale":"es_ES","og_type":"article","og_title":"Paz y derechos humanos - International Council of Museums","og_description":"Los museos evolucionan en una sociedad cambiante y cuando las pol\u00edticas p\u00fablicas son inestables, y lo mismo ocurre con sus responsabilidades sociales. Los museos, al abordar los problemas sociales contempor\u00e1neos, las injusticas pasadas y actuales, y las historias dif\u00edciles, tienen un importante papel que desempe\u00f1ar para contribuir a la paz y defender los derechos humanos. [&hellip;]","og_url":"https:\/\/icom.museum\/es\/recursos\/paz-y-derechos-humanos\/","og_site_name":"International Council of Museums","article_modified_time":"2026-01-22T11:40:11+00:00","og_image":[{"width":900,"height":600,"url":"https:\/\/icom.museum\/wp-content\/uploads\/2025\/09\/20.jpg","type":"image\/jpeg"}],"twitter_card":"summary_large_image","twitter_misc":{"Tiempo de lectura":"6 minutos"},"schema":{"@context":"https:\/\/schema.org","@graph":[{"@type":"WebPage","@id":"https:\/\/icom.museum\/es\/recursos\/paz-y-derechos-humanos\/","url":"https:\/\/icom.museum\/es\/recursos\/paz-y-derechos-humanos\/","name":"Paz y derechos humanos - International Council of Museums","isPartOf":{"@id":"https:\/\/icom.museum\/en\/#website"},"primaryImageOfPage":{"@id":"https:\/\/icom.museum\/es\/recursos\/paz-y-derechos-humanos\/#primaryimage"},"image":{"@id":"https:\/\/icom.museum\/es\/recursos\/paz-y-derechos-humanos\/#primaryimage"},"thumbnailUrl":"https:\/\/icom.museum\/wp-content\/uploads\/2025\/09\/20.jpg","datePublished":"2019-12-20T12:00:08+00:00","dateModified":"2026-01-22T11:40:11+00:00","breadcrumb":{"@id":"https:\/\/icom.museum\/es\/recursos\/paz-y-derechos-humanos\/#breadcrumb"},"inLanguage":"es","potentialAction":[{"@type":"ReadAction","target":["https:\/\/icom.museum\/es\/recursos\/paz-y-derechos-humanos\/"]}]},{"@type":"ImageObject","inLanguage":"es","@id":"https:\/\/icom.museum\/es\/recursos\/paz-y-derechos-humanos\/#primaryimage","url":"https:\/\/icom.museum\/wp-content\/uploads\/2025\/09\/20.jpg","contentUrl":"https:\/\/icom.museum\/wp-content\/uploads\/2025\/09\/20.jpg"},{"@type":"BreadcrumbList","@id":"https:\/\/icom.museum\/es\/recursos\/paz-y-derechos-humanos\/#breadcrumb","itemListElement":[{"@type":"ListItem","position":1,"name":"Home","item":"https:\/\/icom.museum\/es\/"},{"@type":"ListItem","position":2,"name":"Recursos","item":"https:\/\/icom.museum\/es\/recursos\/"},{"@type":"ListItem","position":3,"name":"Paz y derechos humanos"}]},{"@type":"WebSite","@id":"https:\/\/icom.museum\/en\/#website","url":"https:\/\/icom.museum\/en\/","name":"International Council of Museums","description":"A global organisation of museums &amp; museum professionals committed to the promotion and protection of cultural heritage","publisher":{"@id":"https:\/\/icom.museum\/en\/#organization"},"potentialAction":[{"@type":"SearchAction","target":{"@type":"EntryPoint","urlTemplate":"https:\/\/icom.museum\/en\/?s={search_term_string}"},"query-input":{"@type":"PropertyValueSpecification","valueRequired":true,"valueName":"search_term_string"}}],"inLanguage":"es"},{"@type":"Organization","@id":"https:\/\/icom.museum\/en\/#organization","name":"International Council of Museums","url":"https:\/\/icom.museum\/en\/","logo":{"@type":"ImageObject","inLanguage":"es","@id":"https:\/\/icom.museum\/en\/#\/schema\/logo\/image\/","url":"https:\/\/icom.museum\/wp-content\/uploads\/2018\/07\/ICOM_M_.jpg","contentUrl":"https:\/\/icom.museum\/wp-content\/uploads\/2018\/07\/ICOM_M_.jpg","width":1721,"height":1721,"caption":"International Council of Museums"},"image":{"@id":"https:\/\/icom.museum\/en\/#\/schema\/logo\/image\/"}}]}},"_links":{"self":[{"href":"https:\/\/icom.museum\/es\/wp-json\/wp\/v2\/pages\/36227"}],"collection":[{"href":"https:\/\/icom.museum\/es\/wp-json\/wp\/v2\/pages"}],"about":[{"href":"https:\/\/icom.museum\/es\/wp-json\/wp\/v2\/types\/page"}],"author":[{"embeddable":true,"href":"https:\/\/icom.museum\/es\/wp-json\/wp\/v2\/users\/4"}],"replies":[{"embeddable":true,"href":"https:\/\/icom.museum\/es\/wp-json\/wp\/v2\/comments?post=36227"}],"version-history":[{"count":12,"href":"https:\/\/icom.museum\/es\/wp-json\/wp\/v2\/pages\/36227\/revisions"}],"predecessor-version":[{"id":67110,"href":"https:\/\/icom.museum\/es\/wp-json\/wp\/v2\/pages\/36227\/revisions\/67110"}],"up":[{"embeddable":true,"href":"https:\/\/icom.museum\/es\/wp-json\/wp\/v2\/pages\/9727"}],"wp:attachment":[{"href":"https:\/\/icom.museum\/es\/wp-json\/wp\/v2\/media?parent=36227"}],"curies":[{"name":"wp","href":"https:\/\/api.w.org\/{rel}","templated":true}]}}