{"version":"1.0","provider_name":"International Council of Museums","provider_url":"https:\/\/icom.museum\/fr\/","author_name":"Alexandra VIKULINA","author_url":"https:\/\/icom.museum\/fr\/author\/sasha\/","title":"La conf\u00e9rence ICOM Duba\u00ef 2025 a \u00e9t\u00e9 lanc\u00e9e ! - International Council of Museums","type":"rich","width":600,"height":338,"html":"<blockquote class=\"wp-embedded-content\" data-secret=\"EuANxUtAQa\"><a href=\"https:\/\/icom.museum\/fr\/news\/la-conference-icom-dubai-2025-a-ete-lancee\/\">La conf\u00e9rence ICOM Duba\u00ef 2025 a \u00e9t\u00e9 lanc\u00e9e !<\/a><\/blockquote><iframe sandbox=\"allow-scripts\" security=\"restricted\" src=\"https:\/\/icom.museum\/fr\/news\/la-conference-icom-dubai-2025-a-ete-lancee\/embed\/#?secret=EuANxUtAQa\" width=\"600\" height=\"338\" title=\"\u00ab\u00a0La conf\u00e9rence ICOM Duba\u00ef 2025 a \u00e9t\u00e9 lanc\u00e9e !\u00a0\u00bb &#8212; International Council of Museums\" data-secret=\"EuANxUtAQa\" frameborder=\"0\" marginwidth=\"0\" marginheight=\"0\" scrolling=\"no\" class=\"wp-embedded-content\"><\/iframe><script type=\"text\/javascript\">\n\/* <![CDATA[ *\/\n\/*! This file is auto-generated *\/\n!function(d,l){\"use strict\";l.querySelector&&d.addEventListener&&\"undefined\"!=typeof URL&&(d.wp=d.wp||{},d.wp.receiveEmbedMessage||(d.wp.receiveEmbedMessage=function(e){var t=e.data;if((t||t.secret||t.message||t.value)&&!\/[^a-zA-Z0-9]\/.test(t.secret)){for(var s,r,n,a=l.querySelectorAll('iframe[data-secret=\"'+t.secret+'\"]'),o=l.querySelectorAll('blockquote[data-secret=\"'+t.secret+'\"]'),c=new RegExp(\"^https?:$\",\"i\"),i=0;i<o.length;i++)o[i].style.display=\"none\";for(i=0;i<a.length;i++)s=a[i],e.source===s.contentWindow&&(s.removeAttribute(\"style\"),\"height\"===t.message?(1e3<(r=parseInt(t.value,10))?r=1e3:~~r<200&&(r=200),s.height=r):\"link\"===t.message&&(r=new URL(s.getAttribute(\"src\")),n=new URL(t.value),c.test(n.protocol))&&n.host===r.host&&l.activeElement===s&&(d.top.location.href=t.value))}},d.addEventListener(\"message\",d.wp.receiveEmbedMessage,!1),l.addEventListener(\"DOMContentLoaded\",function(){for(var e,t,s=l.querySelectorAll(\"iframe.wp-embedded-content\"),r=0;r<s.length;r++)(t=(e=s[r]).getAttribute(\"data-secret\"))||(t=Math.random().toString(36).substring(2,12),e.src+=\"#?secret=\"+t,e.setAttribute(\"data-secret\",t)),e.contentWindow.postMessage({message:\"ready\",secret:t},\"*\")},!1)))}(window,document);\n\/* ]]> *\/\n<\/script>\n","description":"Des professionnels des mus\u00e9es et des leaders culturels du monde entier se r\u00e9unissent \u00e0 Duba\u00ef, \u00c9mirats arabes unis, pour l\u2019\u00e9v\u00e9nement le plus important de la communaut\u00e9 mus\u00e9ale internationale. C\u2019est la premi\u00e8re fois que la Conf\u00e9rence g\u00e9n\u00e9rale de l\u2019ICOM se tient dans la r\u00e9gion Moyen-Orient, Afrique et Asie du Sud (MEASA)."}